{"id":3937,"date":"2024-03-11T21:42:17","date_gmt":"2024-03-11T20:42:17","guid":{"rendered":"https:\/\/www.armoniedellago.it\/arredores\/igrejas-e-arquitetura-religiosa\/"},"modified":"2024-07-08T21:15:43","modified_gmt":"2024-07-08T19:15:43","slug":"igrejas-e-arquitetura-religiosa","status":"publish","type":"page","link":"https:\/\/www.armoniedellago.it\/pt-pt\/arredores\/igrejas-e-arquitetura-religiosa\/","title":{"rendered":"Igrejas e Arquitetura Religiosa"},"content":{"rendered":"<section class=\"wpb-content-wrapper\"><p>[vc_row full_width=&#8221;stretch_row_content_no_spaces&#8221; css=&#8221;.vc_custom_1710190550060{padding-top: 150px !important;padding-bottom: 150px !important;background-image: url(https:\/\/www.armoniedellago.it\/wp-content\/uploads\/2024\/03\/chiese.jpg?id=1616) !important;background-position: center !important;background-repeat: no-repeat !important;background-size: cover !important;}&#8221;][vc_column]<div  class=\"main-heading\"><span class=\"subtitle\" style=\"font-size:14px;color:rgba(255,255,255,0.79);\">ARREDORES<\/span><h2 class=\"title\" style=\"font-size:40px;color:#ffffff;\">Igrejas e Arquitetura Religiosa<\/h2><\/div>[\/vc_column][\/vc_row][vc_row full_width=&#8221;stretch_row_content_no_spaces&#8221;][vc_column]<div  class=\"empty-space  marg-lg-b150 marg-xs-b50\"><\/div>[\/vc_column][\/vc_row][vc_row][vc_column]<h4  class=\"special-text\" style=\" font-size:21px; font-weight:300; line-height:1.7em; text-align:left; color:#111111;\"><p>Explorar as igrejas e a arquitetura religiosa perto do Lago Annone di Brianza significa mergulhar num patrim\u00f3nio cultural rico em significado e beleza, onde a hist\u00f3ria, a arte e a espiritualidade se unem para oferecer uma experi\u00eancia inesquec\u00edvel a qualquer pessoa que deseje descobrir a magia destes lugares encantados.<\/p>\n<\/h4>[\/vc_column][\/vc_row][vc_row full_width=&#8221;stretch_row_content_no_spaces&#8221;][vc_column]<div  class=\"empty-space  marg-lg-b150 marg-xs-b50\"><\/div>[\/vc_column][\/vc_row][vc_row full_width=&#8221;stretch_row_content_no_spaces&#8221;][vc_column]<div  class=\"hb-text-block__wrapper style1\" style=\"background-color:#f2f2f2;\"><div class=\"row\"><div class=\"col-md-6\"><div class=\"hb-image__block\"><img decoding=\"async\" src=\"https:\/\/www.armoniedellago.it\/wp-content\/uploads\/2024\/03\/Untitled-design-9.jpg\" alt=\"\" \/><\/div><\/div><div class=\"col-md-6\"><div class=\"hb-text_block_content\"><div class=\"hb-text-block___inner_wrapper\"><div class=\"featured-rooms-slider__title title-color-black\">Igreja Paroquial de S\u00e3o Jorge<\/div><div class=\"featured-rooms-slider__text content-color-grey\">A Igreja de San Giorgio di Annone di Brianza, situada no cora\u00e7\u00e3o da pitoresca paisagem de Brianza, \u00e9 uma joia arquitet\u00f3nica que engloba s\u00e9culos de hist\u00f3ria e espiritualidade. Constru\u00edda em estilo rom\u00e2nico no s\u00e9culo XII e posteriormente ampliada e enriquecida ao longo dos s\u00e9culos, esta bela igreja \u00e9 um marco para a comunidade local e um local de peregrina\u00e7\u00e3o para os fi\u00e9is.<\/div><\/div><\/div><\/div><\/div><\/div>[\/vc_column][\/vc_row][vc_row full_width=&#8221;stretch_row_content_no_spaces&#8221;][vc_column]<div  class=\"hb-text-block__wrapper style2\"><div class=\"row\"><div class=\"col-md-6\"><div class=\"hb-text_block_content\"><div class=\"hb-text-block___inner_wrapper text-right\"><div class=\"featured-rooms-slider__title title-color-black\">Abadia de San Pietro al Monte<\/div><div class=\"featured-rooms-slider__text content-color-grey\">A Abadia de San Pietro al Monte \u00e9 um fascinante complexo arquitet\u00f3nico rom\u00e2nico situado no Vale do Oro, no munic\u00edpio de Civate, prov\u00edncia de Lecco. Este local panor\u00e2mico oferece uma vista \u00fanica dos lagos de Brianza e dos picos circundantes, tornando-o um destino de grande interesse hist\u00f3rico, art\u00edstico, religioso e natural. Imersa numa floresta pitoresca, a abadia s\u00f3 pode ser alcan\u00e7ada a p\u00e9 em cerca de uma hora de caminhada a partir da aldeia de Civate.<\/div><\/div><\/div><\/div><div class=\"col-md-6\"><div class=\"hb-image__block\"><img decoding=\"async\" src=\"https:\/\/www.armoniedellago.it\/wp-content\/uploads\/2024\/03\/Untitled-design-10.jpg\" alt=\"\" \/><\/div><\/div><\/div><\/div>[\/vc_column][\/vc_row][vc_row full_width=&#8221;stretch_row_content_no_spaces&#8221;][vc_column]<div  class=\"hb-text-block__wrapper style1\" style=\"background-color:#f2f2f2;\"><div class=\"row\"><div class=\"col-md-6\"><div class=\"hb-image__block\"><img decoding=\"async\" src=\"https:\/\/www.armoniedellago.it\/wp-content\/uploads\/2024\/03\/Untitled-design-13.jpg\" alt=\"\" \/><\/div><\/div><div class=\"col-md-6\"><div class=\"hb-text_block_content\"><div class=\"hb-text-block___inner_wrapper\"><div class=\"featured-rooms-slider__title title-color-black\">Bas\u00edlica de San Nicol\u00f2 e Campanile Il Matitone<\/div><div class=\"featured-rooms-slider__text content-color-grey\"><span class=\"\">A Bas\u00edlica de San Nicol\u00f2 e a Torre do Sino Il Matitone representam duas das atrac\u00e7\u00f5es mais emblem\u00e1ticas de Lecco, oferecendo aos visitantes uma experi\u00eancia \u00fanica de hist\u00f3ria, arquitetura e vistas de cortar a respira\u00e7\u00e3o.<\/span><span class=\"\">A Torre do Sino de San Nicol\u00f2, carinhosamente conhecida como &#8220;Il Matitone&#8221; devido \u00e0 sua forma esguia, ergue-se imponente a 96 metros de altura, s\u00edmbolo da cidade de Lecco. <\/span> <\/div><\/div><\/div><\/div><\/div><\/div>[\/vc_column][\/vc_row]<\/p>\n<\/section>","protected":false},"excerpt":{"rendered":"<p>[vc_row full_width=&#8221;stretch_row_content_no_spaces&#8221; css=&#8221;.vc_custom_1710190550060{padding-top: 150px !important;padding-bottom: 150px !important;background-image: url(https:\/\/www.armoniedellago.it\/wp-content\/uploads\/2024\/03\/chiese.jpg?id=1616) !important;background-position: center !important;background-repeat: no-repeat !important;background-size: cover !important;}&#8221;][vc_column][\/vc_column][\/vc_row][vc_row full_width=&#8221;stretch_row_content_no_spaces&#8221;][vc_column][\/vc_column][\/vc_row][vc_row][vc_column][\/vc_column][\/vc_row][vc_row full_width=&#8221;stretch_row_content_no_spaces&#8221;][vc_column][\/vc_column][\/vc_row][vc_row full_width=&#8221;stretch_row_content_no_spaces&#8221;][vc_column][\/vc_column][\/vc_row][vc_row full_width=&#8221;stretch_row_content_no_spaces&#8221;][vc_column][\/vc_column][\/vc_row][vc_row full_width=&#8221;stretch_row_content_no_spaces&#8221;][vc_column][\/vc_column][\/vc_row]<\/p>\n","protected":false},"author":1,"featured_media":0,"parent":3925,"menu_order":0,"comment_status":"closed","ping_status":"closed","template":"","meta":{"footnotes":""},"class_list":["post-3937","page","type-page","status-publish","hentry"],"yoast_head":"<!-- This site is optimized with the Yoast SEO plugin v22.6 - https:\/\/yoast.com\/wordpress\/plugins\/seo\/ -->\n<title>Igrejas e Arquitetura Religiosa - Armonie del Lago<\/title>\n<meta name=\"robots\" content=\"index, follow, max-snippet:-1, max-image-preview:large, max-video-preview:-1\" \/>\n<link rel=\"canonical\" href=\"https:\/\/www.armoniedellago.it\/pt-pt\/arredores\/igrejas-e-arquitetura-religiosa\/\" \/>\n<meta property=\"og:locale\" content=\"pt_PT\" \/>\n<meta property=\"og:type\" content=\"article\" \/>\n<meta property=\"og:title\" content=\"Igrejas e Arquitetura Religiosa - Armonie del Lago\" \/>\n<meta property=\"og:description\" content=\"[vc_row full_width=&#8221;stretch_row_content_no_spaces&#8221; css=&#8221;.vc_custom_1710190550060{padding-top: 150px !important;padding-bottom: 150px !important;background-image: url(https:\/\/www.armoniedellago.it\/wp-content\/uploads\/2024\/03\/chiese.jpg?id=1616) !important;background-position: center !important;background-repeat: no-repeat !important;background-size: cover !important;}&#8221;][vc_column][\/vc_column][\/vc_row][vc_row full_width=&#8221;stretch_row_content_no_spaces&#8221;][vc_column][\/vc_column][\/vc_row][vc_row][vc_column][\/vc_column][\/vc_row][vc_row full_width=&#8221;stretch_row_content_no_spaces&#8221;][vc_column][\/vc_column][\/vc_row][vc_row full_width=&#8221;stretch_row_content_no_spaces&#8221;][vc_column][\/vc_column][\/vc_row][vc_row full_width=&#8221;stretch_row_content_no_spaces&#8221;][vc_column][\/vc_column][\/vc_row][vc_row full_width=&#8221;stretch_row_content_no_spaces&#8221;][vc_column][\/vc_column][\/vc_row]\" \/>\n<meta property=\"og:url\" content=\"https:\/\/www.armoniedellago.it\/pt-pt\/arredores\/igrejas-e-arquitetura-religiosa\/\" \/>\n<meta property=\"og:site_name\" content=\"Armonie del Lago\" \/>\n<meta property=\"article:modified_time\" content=\"2024-07-08T19:15:43+00:00\" \/>\n<meta name=\"twitter:card\" content=\"summary_large_image\" \/>\n<meta name=\"twitter:label1\" content=\"Tempo estimado de leitura\" \/>\n\t<meta name=\"twitter:data1\" content=\"3 minutos\" \/>\n<script type=\"application\/ld+json\" class=\"yoast-schema-graph\">{\"@context\":\"https:\/\/schema.org\",\"@graph\":[{\"@type\":\"WebPage\",\"@id\":\"https:\/\/www.armoniedellago.it\/pt-pt\/arredores\/igrejas-e-arquitetura-religiosa\/\",\"url\":\"https:\/\/www.armoniedellago.it\/pt-pt\/arredores\/igrejas-e-arquitetura-religiosa\/\",\"name\":\"Igrejas e Arquitetura Religiosa - Armonie del Lago\",\"isPartOf\":{\"@id\":\"https:\/\/www.armoniedellago.it\/pt-pt\/#website\"},\"datePublished\":\"2024-03-11T20:42:17+00:00\",\"dateModified\":\"2024-07-08T19:15:43+00:00\",\"breadcrumb\":{\"@id\":\"https:\/\/www.armoniedellago.it\/pt-pt\/arredores\/igrejas-e-arquitetura-religiosa\/#breadcrumb\"},\"inLanguage\":\"pt-PT\",\"potentialAction\":[{\"@type\":\"ReadAction\",\"target\":[\"https:\/\/www.armoniedellago.it\/pt-pt\/arredores\/igrejas-e-arquitetura-religiosa\/\"]}]},{\"@type\":\"BreadcrumbList\",\"@id\":\"https:\/\/www.armoniedellago.it\/pt-pt\/arredores\/igrejas-e-arquitetura-religiosa\/#breadcrumb\",\"itemListElement\":[{\"@type\":\"ListItem\",\"position\":1,\"name\":\"Home\",\"item\":\"https:\/\/www.armoniedellago.it\/pt-pt\/\"},{\"@type\":\"ListItem\",\"position\":2,\"name\":\"Arredores\",\"item\":\"https:\/\/www.armoniedellago.it\/pt-pt\/arredores\/\"},{\"@type\":\"ListItem\",\"position\":3,\"name\":\"Igrejas e Arquitetura Religiosa\"}]},{\"@type\":\"WebSite\",\"@id\":\"https:\/\/www.armoniedellago.it\/pt-pt\/#website\",\"url\":\"https:\/\/www.armoniedellago.it\/pt-pt\/\",\"name\":\"Armonie del Lago\",\"description\":\"\",\"alternateName\":\"Bed & Breakfast - Armonie del Lago - Annone di Brianza (LC)\",\"potentialAction\":[{\"@type\":\"SearchAction\",\"target\":{\"@type\":\"EntryPoint\",\"urlTemplate\":\"https:\/\/www.armoniedellago.it\/pt-pt\/?s={search_term_string}\"},\"query-input\":\"required name=search_term_string\"}],\"inLanguage\":\"pt-PT\"}]}<\/script>\n<!-- \/ Yoast SEO plugin. -->","yoast_head_json":{"title":"Igrejas e Arquitetura Religiosa - Armonie del Lago","robots":{"index":"index","follow":"follow","max-snippet":"max-snippet:-1","max-image-preview":"max-image-preview:large","max-video-preview":"max-video-preview:-1"},"canonical":"https:\/\/www.armoniedellago.it\/pt-pt\/arredores\/igrejas-e-arquitetura-religiosa\/","og_locale":"pt_PT","og_type":"article","og_title":"Igrejas e Arquitetura Religiosa - Armonie del Lago","og_description":"[vc_row full_width=&#8221;stretch_row_content_no_spaces&#8221; css=&#8221;.vc_custom_1710190550060{padding-top: 150px !important;padding-bottom: 150px !important;background-image: url(https:\/\/www.armoniedellago.it\/wp-content\/uploads\/2024\/03\/chiese.jpg?id=1616) !important;background-position: center !important;background-repeat: no-repeat !important;background-size: cover !important;}&#8221;][vc_column][\/vc_column][\/vc_row][vc_row full_width=&#8221;stretch_row_content_no_spaces&#8221;][vc_column][\/vc_column][\/vc_row][vc_row][vc_column][\/vc_column][\/vc_row][vc_row full_width=&#8221;stretch_row_content_no_spaces&#8221;][vc_column][\/vc_column][\/vc_row][vc_row full_width=&#8221;stretch_row_content_no_spaces&#8221;][vc_column][\/vc_column][\/vc_row][vc_row full_width=&#8221;stretch_row_content_no_spaces&#8221;][vc_column][\/vc_column][\/vc_row][vc_row full_width=&#8221;stretch_row_content_no_spaces&#8221;][vc_column][\/vc_column][\/vc_row]","og_url":"https:\/\/www.armoniedellago.it\/pt-pt\/arredores\/igrejas-e-arquitetura-religiosa\/","og_site_name":"Armonie del Lago","article_modified_time":"2024-07-08T19:15:43+00:00","twitter_card":"summary_large_image","twitter_misc":{"Tempo estimado de leitura":"3 minutos"},"schema":{"@context":"https:\/\/schema.org","@graph":[{"@type":"WebPage","@id":"https:\/\/www.armoniedellago.it\/pt-pt\/arredores\/igrejas-e-arquitetura-religiosa\/","url":"https:\/\/www.armoniedellago.it\/pt-pt\/arredores\/igrejas-e-arquitetura-religiosa\/","name":"Igrejas e Arquitetura Religiosa - Armonie del Lago","isPartOf":{"@id":"https:\/\/www.armoniedellago.it\/pt-pt\/#website"},"datePublished":"2024-03-11T20:42:17+00:00","dateModified":"2024-07-08T19:15:43+00:00","breadcrumb":{"@id":"https:\/\/www.armoniedellago.it\/pt-pt\/arredores\/igrejas-e-arquitetura-religiosa\/#breadcrumb"},"inLanguage":"pt-PT","potentialAction":[{"@type":"ReadAction","target":["https:\/\/www.armoniedellago.it\/pt-pt\/arredores\/igrejas-e-arquitetura-religiosa\/"]}]},{"@type":"BreadcrumbList","@id":"https:\/\/www.armoniedellago.it\/pt-pt\/arredores\/igrejas-e-arquitetura-religiosa\/#breadcrumb","itemListElement":[{"@type":"ListItem","position":1,"name":"Home","item":"https:\/\/www.armoniedellago.it\/pt-pt\/"},{"@type":"ListItem","position":2,"name":"Arredores","item":"https:\/\/www.armoniedellago.it\/pt-pt\/arredores\/"},{"@type":"ListItem","position":3,"name":"Igrejas e Arquitetura Religiosa"}]},{"@type":"WebSite","@id":"https:\/\/www.armoniedellago.it\/pt-pt\/#website","url":"https:\/\/www.armoniedellago.it\/pt-pt\/","name":"Armonie del Lago","description":"","alternateName":"Bed & Breakfast - Armonie del Lago - Annone di Brianza (LC)","potentialAction":[{"@type":"SearchAction","target":{"@type":"EntryPoint","urlTemplate":"https:\/\/www.armoniedellago.it\/pt-pt\/?s={search_term_string}"},"query-input":"required name=search_term_string"}],"inLanguage":"pt-PT"}]}},"_links":{"self":[{"href":"https:\/\/www.armoniedellago.it\/pt-pt\/wp-json\/wp\/v2\/pages\/3937","targetHints":{"allow":["GET"]}}],"collection":[{"href":"https:\/\/www.armoniedellago.it\/pt-pt\/wp-json\/wp\/v2\/pages"}],"about":[{"href":"https:\/\/www.armoniedellago.it\/pt-pt\/wp-json\/wp\/v2\/types\/page"}],"author":[{"embeddable":true,"href":"https:\/\/www.armoniedellago.it\/pt-pt\/wp-json\/wp\/v2\/users\/1"}],"replies":[{"embeddable":true,"href":"https:\/\/www.armoniedellago.it\/pt-pt\/wp-json\/wp\/v2\/comments?post=3937"}],"version-history":[{"count":5,"href":"https:\/\/www.armoniedellago.it\/pt-pt\/wp-json\/wp\/v2\/pages\/3937\/revisions"}],"predecessor-version":[{"id":3942,"href":"https:\/\/www.armoniedellago.it\/pt-pt\/wp-json\/wp\/v2\/pages\/3937\/revisions\/3942"}],"up":[{"embeddable":true,"href":"https:\/\/www.armoniedellago.it\/pt-pt\/wp-json\/wp\/v2\/pages\/3925"}],"wp:attachment":[{"href":"https:\/\/www.armoniedellago.it\/pt-pt\/wp-json\/wp\/v2\/media?parent=3937"}],"curies":[{"name":"wp","href":"https:\/\/api.w.org\/{rel}","templated":true}]}}